{"id":2189,"date":"2024-08-01T11:01:54","date_gmt":"2024-08-01T08:01:54","guid":{"rendered":"https:\/\/magyarnapok.ro\/2024\/esemenyek\/a-15-kolozsvari-magyar-napok-unnepelyes-nyitogalaja-nagyvarosi-vandorok-tanckoncert-eloadja-a-magyar-allami-nepi-egyuttes-tanckara-es-zenekara-rendezo-koreografus-farkas-mate\/"},"modified":"2024-08-06T16:39:04","modified_gmt":"2024-08-06T13:39:04","slug":"a-15-kolozsvari-magyar-napok-unnepelyes-nyitogalaja-nagyvarosi-vandorok-tanckoncert-eloadja-a-magyar-allami-nepi-egyuttes-tanckara-es-zenekara-rendezo-koreografus-farkas-mate","status":"publish","type":"kmn_event","link":"https:\/\/magyarnapok.ro\/2024\/esemenyek\/a-15-kolozsvari-magyar-napok-unnepelyes-nyitogalaja-nagyvarosi-vandorok-tanckoncert-eloadja-a-magyar-allami-nepi-egyuttes-tanckara-es-zenekara-rendezo-koreografus-farkas-mate\/","title":{"rendered":"A 15. Kolozsv\u00e1ri Magyar Napok \u00fcnnep\u00e9lyes nyit\u00f3g\u00e1l\u00e1ja. \nNagyv\u00e1rosi v\u00e1ndorok \u2013 t\u00e1nckoncert. El\u0151adja a Magyar \u00c1llami N\u00e9pi Egy\u00fcttes t\u00e1nckara \u00e9s zenekara. Rendez\u0151-koreogr\u00e1fus: Farkas M\u00e1t\u00e9"},"content":{"rendered":"<p>\u00dcnnep\u00e9lyes nyit\u00f3g\u00e1la: zen\u00e9s-t\u00e1ncos utaz\u00e1s m\u00falt \u00e9s jelen k\u00f6z\u00f6tt<\/p>\n<p>\u00a0<\/p>\n<p>A hagyom\u00e1nyoknak megfelel\u0151en a Kolozsv\u00e1ri Magyar Napok \u00fcnnep\u00e9lyes nyit\u00f3g\u00e1l\u00e1j\u00e1nak helysz\u00edn\u00e9\u00fcl ism\u00e9telten a Kolozsv\u00e1ri Magyar Opera nagyterme szolg\u00e1l.<\/p>\n<p>Id\u00e9n a <em>Nagyv\u00e1rosi v\u00e1ndorok<\/em> c\u00edm\u0171 nagy\u00edv\u0171 t\u00e1nckoncertet l\u00e1thatja vend\u00e9g\u00fcl Kolozsv\u00e1r \u00fcnnepl\u0151 k\u00f6z\u00f6ns\u00e9ge. A Magyar \u00c1llami N\u00e9pi Egy\u00fcttes t\u00e1nckara \u00e9s zenekara \u00e1ltal sz\u00ednpadra vitt produkci\u00f3 egy olyan sz\u00ednh\u00e1zi \u00e9lm\u00e9nyt ny\u00fajt\u00f3 zenekari koncert, amelyben a zene, a t\u00e1nc \u00e9s a vizu\u00e1lis elemek egyed\u00fcl\u00e1ll\u00f3 \u00f6sszhangja mag\u00e1val ragad\u00f3 \u00e9s k\u00fcl\u00f6nleges utaz\u00e1sra invit\u00e1lja a k\u00f6z\u00f6ns\u00e9get m\u00falt \u00e9s jelen k\u00f6z\u00f6tt. Az el\u0151ad\u00e1s helysz\u00edne egy szimbolikus t\u00e9r, amely a zen\u00e9vel egy\u00fctt folyamatosan v\u00e1ltozik. A k\u00f6z\u00f6ns\u00e9g egyszerre \u00e9rezheti mag\u00e1t nagyv\u00e1rosban, egy vid\u00e9ki \u00e9tteremben, erd\u00e9lyi faluban, balk\u00e1ni t\u00e1ncmulats\u00e1gon vagy ak\u00e1r egy amerikai jazz klubban. A m\u0171sor k\u00f6z\u00e9ppontj\u00e1ban Radics Ferenc pr\u00edm\u00e1s \u00e9s zenekara \u00e1ll, akik hihetetlen virtuozit\u00e1ssal sz\u00f3laltatj\u00e1k meg hangszereiket, \u00e9s k\u00e9pesek a v\u00e1rosi cig\u00e1nyzene nagy m\u00falt\u00fa hagyom\u00e1nyait interpret\u00e1lni, itt, a 21. sz\u00e1zad elej\u00e9n. A zene mellett a t\u00e1nc is fontos szerepet kap a m\u0171sorban: a t\u00e1ncjelenetek sz\u00ednpomp\u00e1s kavalk\u00e1dja a hagyom\u00e1ny \u00e9s az innov\u00e1ci\u00f3 \u00f6sszefon\u00f3d\u00e1s\u00e1t mutatja be. A magyar n\u00e9pt\u00e1nc vibr\u00e1l\u00f3 ritmusai \u00e9s a kirobban\u00f3 energi\u00e1j\u00fa cig\u00e1nyzene \u00f6sszefon\u00f3d\u00e1sa \u00e1ltal a produkci\u00f3 egyfajta kultur\u00e1lis barangol\u00e1s a v\u00e1rosi pezsg\u00e9s, \u00e9s a hagyom\u00e1nyos vid\u00e9ki \u00e9let k\u00f6z\u00f6tt.<\/p>\n<p>Zenei rendez\u0151 \u00e9s szerkeszt\u0151: Radics Ferenc. Zeneszerz\u0151: Farkas Gyula, Kov\u00e1cs Andor, Nino Rota, Radics Ferenc. Jelmez: Winklern\u00e9 Petri-Kiss Borb\u00e1la. L\u00e1tv\u00e1ny \u00e9s d\u00edszlet: Papp Korn\u00e9l. F\u00e9ny: Gimpel \u00c1kos. Hangut\u00f3munka: Konor\u00f3t J\u00e1nos. Koreogr\u00e1fus asszisztens: \u00c1gfalvi Gy\u00f6rgy. Koreogr\u00e1fus: Borb\u00e9ly Beatrix, Farkas M\u00e1t\u00e9. Rendez\u0151asszisztens: Borb\u00e9ly Beatrix. Rendez\u0151-koreogr\u00e1fus: Farkas M\u00e1t\u00e9.<\/p>\n<p>\u00a0<\/p>\n<p>\u00a0<\/p>\n<p>A Nagyv\u00e1rosi V\u00e1ndorok egy olyan sz\u00ednh\u00e1zi \u00e9lm\u00e9nyt ny\u00fajt\u00f3 zenekari koncert, amelyben a zene, a t\u00e1nc \u00e9s a vizu\u00e1lis elemek egyed\u00fcl\u00e1ll\u00f3 \u00f6sszhangja mag\u00e1val ragad\u00f3 \u00e9s k\u00fcl\u00f6nleges utaz\u00e1sra invit\u00e1lja a k\u00f6z\u00f6ns\u00e9get m\u00falt \u00e9s jelen k\u00f6z\u00f6tt.<\/p>\n<p>Az el\u0151ad\u00e1s helysz\u00edne egy szimbolikus t\u00e9r, amely a zen\u00e9vel egy\u00fctt folyamatosan v\u00e1ltozik. A k\u00f6z\u00f6ns\u00e9g egyszerre \u00e9rezheti mag\u00e1t nagyv\u00e1rosban, egy vid\u00e9ki \u00e9tteremben, erd\u00e9lyi faluban, balk\u00e1ni t\u00e1ncmulats\u00e1gon vagy ak\u00e1r egy amerikai jazz klubban.<\/p>\n<p>A m\u0171sor k\u00f6z\u00e9ppontj\u00e1ban Radics Ferenc pr\u00edm\u00e1s \u00e9s zenekara \u00e1ll, akik hihetetlen virtuozit\u00e1ssal sz\u00f3laltatj\u00e1k meg hangszereiket, \u00e9s k\u00e9pesek a v\u00e1rosi cig\u00e1nyzene nagy m\u00falt\u00fa hagyom\u00e1nyait m\u00e9g interpret\u00e1lni, itt a 21. sz\u00e1zad elej\u00e9n.<\/p>\n<p>A zene mellett a t\u00e1nc is fontos szerepet kap a m\u0171sorban: a t\u00e1ncjelenetek sz\u00ednpomp\u00e1s kavalk\u00e1dja a hagyom\u00e1ny \u00e9s az innov\u00e1ci\u00f3 \u00f6sszefon\u00f3d\u00e1s\u00e1t mutatja be.<\/p>\n<p>A nagy \u00edv\u0171 zenei tabl\u00f3t a Magyar \u00c1llami N\u00e9pi Egy\u00fcttes t\u00e1ncosai hagyom\u00e1nyos \u00e9s modern t\u00e1ncelemekkel, v\u00e1ltozatos \u00e9s soksz\u00edn\u0171 koreogr\u00e1fi\u00e1kkal teszik m\u00e9g izgalmasabb\u00e1. A magyar n\u00e9pt\u00e1nc vibr\u00e1l\u00f3 ritmusai \u00e9s a kirobban\u00f3 energi\u00e1j\u00fa cig\u00e1nyzene \u00f6sszefon\u00f3d\u00e1sa \u00e1ltal a produkci\u00f3 egyfajta kultur\u00e1lis barangol\u00e1s a v\u00e1rosi pezsg\u00e9s, \u00e9s a hagyom\u00e1nyos vid\u00e9ki \u00e9let k\u00f6z\u00f6tt.<\/p>\n<p>A t\u00e1nckoncert folyam\u00e1n a n\u00e9z\u0151 a nagyv\u00e1rosi v\u00e1ndorok \u00fatj\u00e1nak r\u00e9szese lesz, melyet humoros \u00e9s m\u00e9ly \u00e9rzelmi pillanatok v\u00e1ltakoz\u00e1sa szak\u00edt meg, de az \u00fat v\u00e9g\u00e9n feledhetetlen \u00e9lm\u00e9nnyel, \u00e9s mosollyal gazdagodva t\u00e9rhet haza.<\/p>\n<p>Zenei rendez\u0151 \u00e9s szerkeszt\u0151: Radics Ferenc<\/p>\n<p>Zeneszerz\u0151: Farkas Gyula, Kov\u00e1cs Andor, Nino Rota, Radics Ferenc<\/p>\n<p>Jelmez: Winklern\u00e9 Petri-Kiss Borb\u00e1la<\/p>\n<p>L\u00e1tv\u00e1ny \u00e9s d\u00edszlet: Papp Korn\u00e9l<\/p>\n<p>F\u00e9ny: Gimpel \u00c1kos<\/p>\n<p>Hangut\u00f3munka: Konor\u00f3t J\u00e1nos<\/p>\n<p>Koreogr\u00e1fus asszisztens: \u00c1gfalvi Gy\u00f6rgy<\/p>\n<p>Koreogr\u00e1fus: Borb\u00e9ly Beatrix, Farkas M\u00e1t\u00e9<\/p>\n<p>Rendez\u0151asszisztens: Borb\u00e9ly Beatrix<\/p>\n<p>Rendez\u0151-koreogr\u00e1fus: Farkas M\u00e1t\u00e9<\/p>\n<p>El\u0151adja: a Magyar \u00c1llami N\u00e9pi Egy\u00fcttes t\u00e1nckara \u00e9s zenekara<\/p>\n<p>Vend\u00e9gk\u00e9nt k\u00f6zrem\u0171k\u00f6dik: Okos Gergely, Seres Vilmos<\/p>\n<p>Hangfelv\u00e9telr\u0151l: Kov\u00e1cs K\u00e1roly, Brass\u00f3i-J\u0151r\u00f6s Andrea, Kov\u00e1cs Csilla, Bubn\u00f3 M\u00e1rk, Ol\u00e1h Marcell<\/p>\n<p>Sz\u00f3l\u00f3t \u00e9nekel: Kubinyi J\u00falia \/ P\u00e1l Eszter, Het\u00e9nyi Mil\u00e1n<\/p>\n<p>Zenei vezet\u0151: Nyitrai Tam\u00e1s<\/p>\n<p>Zenekarvezet\u0151: Radics Ferenc<\/p>\n<p>T\u00e1nckarvezet\u0151: \u00c1gfalvi Gy\u00f6rgy<\/p>\n<p>T\u00e1nckari asszisztens: Borb\u00e9ly Beatrix, J\u00e1vor Katalin, Farkas M\u00e1t\u00e9, ifj. Zsur\u00e1fszky Zolt\u00e1n<\/p>\n<p>M\u0171v\u00e9szeti vezet\u0151: P\u00e1l Istv\u00e1n Szalonna<\/p>\n<p>Egy\u00fcttesvezet\u0151: Mih\u00e1lyi G\u00e1bor<\/p>\n\n\n<p><\/p>\n\n\n\n<p><\/p>\n\n\n\n<p><\/p>\n","protected":false},"excerpt":{"rendered":"<p>\u00dcnnep\u00e9lyes nyit\u00f3g\u00e1la: zen\u00e9s-t\u00e1ncos utaz\u00e1s m\u00falt \u00e9s jelen k\u00f6z\u00f6tt \u00a0 A hagyom\u00e1nyoknak megfelel\u0151en a Kolozsv\u00e1ri Magyar Napok \u00fcnnep\u00e9lyes nyit\u00f3g\u00e1l\u00e1j\u00e1nak helysz\u00edn\u00e9\u00fcl ism\u00e9telten a Kolozsv\u00e1ri Magyar Opera nagyterme szolg\u00e1l. Id\u00e9n a Nagyv\u00e1rosi v\u00e1ndorok c\u00edm\u0171 nagy\u00edv\u0171 t\u00e1nckoncertet l\u00e1thatja vend\u00e9g\u00fcl Kolozsv\u00e1r \u00fcnnepl\u0151 k\u00f6z\u00f6ns\u00e9ge. A Magyar \u00c1llami N\u00e9pi Egy\u00fcttes t\u00e1nckara \u00e9s zenekara \u00e1ltal sz\u00ednpadra vitt produkci\u00f3 egy olyan sz\u00ednh\u00e1zi \u00e9lm\u00e9nyt ny\u00fajt\u00f3 [&hellip;]<\/p>\n","protected":false},"template":"","class_list":["post-2189","kmn_event","type-kmn_event","status-publish","hentry"],"acf":[],"yoast_head":"<!-- This site is optimized with the Yoast SEO plugin v23.0 - https:\/\/yoast.com\/wordpress\/plugins\/seo\/ -->\n<title>A 15. Kolozsv\u00e1ri Magyar Napok \u00fcnnep\u00e9lyes nyit\u00f3g\u00e1l\u00e1ja. Nagyv\u00e1rosi v\u00e1ndorok \u2013 t\u00e1nckoncert. El\u0151adja a Magyar \u00c1llami N\u00e9pi Egy\u00fcttes t\u00e1nckara \u00e9s zenekara. Rendez\u0151-koreogr\u00e1fus: Farkas M\u00e1t\u00e9 - Kolozsv\u00e1ri Magyar Napok 2024<\/title>\n<meta name=\"robots\" content=\"index, follow, max-snippet:-1, max-image-preview:large, max-video-preview:-1\" \/>\n<link rel=\"canonical\" href=\"https:\/\/magyarnapok.ro\/2024\/esemenyek\/a-15-kolozsvari-magyar-napok-unnepelyes-nyitogalaja-nagyvarosi-vandorok-tanckoncert-eloadja-a-magyar-allami-nepi-egyuttes-tanckara-es-zenekara-rendezo-koreografus-farkas-mate\/\" \/>\n<meta property=\"og:locale\" content=\"hu_HU\" \/>\n<meta property=\"og:type\" content=\"article\" \/>\n<meta property=\"og:title\" content=\"A 15. Kolozsv\u00e1ri Magyar Napok \u00fcnnep\u00e9lyes nyit\u00f3g\u00e1l\u00e1ja. Nagyv\u00e1rosi v\u00e1ndorok \u2013 t\u00e1nckoncert. El\u0151adja a Magyar \u00c1llami N\u00e9pi Egy\u00fcttes t\u00e1nckara \u00e9s zenekara. Rendez\u0151-koreogr\u00e1fus: Farkas M\u00e1t\u00e9 - Kolozsv\u00e1ri Magyar Napok 2024\" \/>\n<meta property=\"og:description\" content=\"\u00dcnnep\u00e9lyes nyit\u00f3g\u00e1la: zen\u00e9s-t\u00e1ncos utaz\u00e1s m\u00falt \u00e9s jelen k\u00f6z\u00f6tt \u00a0 A hagyom\u00e1nyoknak megfelel\u0151en a Kolozsv\u00e1ri Magyar Napok \u00fcnnep\u00e9lyes nyit\u00f3g\u00e1l\u00e1j\u00e1nak helysz\u00edn\u00e9\u00fcl ism\u00e9telten a Kolozsv\u00e1ri Magyar Opera nagyterme szolg\u00e1l. Id\u00e9n a Nagyv\u00e1rosi v\u00e1ndorok c\u00edm\u0171 nagy\u00edv\u0171 t\u00e1nckoncertet l\u00e1thatja vend\u00e9g\u00fcl Kolozsv\u00e1r \u00fcnnepl\u0151 k\u00f6z\u00f6ns\u00e9ge. A Magyar \u00c1llami N\u00e9pi Egy\u00fcttes t\u00e1nckara \u00e9s zenekara \u00e1ltal sz\u00ednpadra vitt produkci\u00f3 egy olyan sz\u00ednh\u00e1zi \u00e9lm\u00e9nyt ny\u00fajt\u00f3 [&hellip;]\" \/>\n<meta property=\"og:url\" content=\"https:\/\/magyarnapok.ro\/2024\/esemenyek\/a-15-kolozsvari-magyar-napok-unnepelyes-nyitogalaja-nagyvarosi-vandorok-tanckoncert-eloadja-a-magyar-allami-nepi-egyuttes-tanckara-es-zenekara-rendezo-koreografus-farkas-mate\/\" \/>\n<meta property=\"og:site_name\" content=\"Kolozsv\u00e1ri Magyar Napok 2024\" \/>\n<meta property=\"article:publisher\" content=\"https:\/\/www.facebook.com\/magyarnapok\" \/>\n<meta property=\"article:modified_time\" content=\"2024-08-06T13:39:04+00:00\" \/>\n<meta property=\"og:image\" content=\"https:\/\/magyarnapok.ro\/2024\/wp-content\/uploads\/2024\/06\/KMN2024-www-intro-hu-01.jpg\" \/>\n\t<meta property=\"og:image:width\" content=\"1920\" \/>\n\t<meta property=\"og:image:height\" content=\"1080\" \/>\n\t<meta property=\"og:image:type\" content=\"image\/jpeg\" \/>\n<meta name=\"twitter:card\" content=\"summary_large_image\" \/>\n<meta name=\"twitter:label1\" content=\"Becs\u00fclt olvas\u00e1si id\u0151\" \/>\n\t<meta name=\"twitter:data1\" content=\"3 perc\" \/>\n<script type=\"application\/ld+json\" class=\"yoast-schema-graph\">{\"@context\":\"https:\/\/schema.org\",\"@graph\":[{\"@type\":\"WebPage\",\"@id\":\"https:\/\/magyarnapok.ro\/2024\/esemenyek\/a-15-kolozsvari-magyar-napok-unnepelyes-nyitogalaja-nagyvarosi-vandorok-tanckoncert-eloadja-a-magyar-allami-nepi-egyuttes-tanckara-es-zenekara-rendezo-koreografus-farkas-mate\/\",\"url\":\"https:\/\/magyarnapok.ro\/2024\/esemenyek\/a-15-kolozsvari-magyar-napok-unnepelyes-nyitogalaja-nagyvarosi-vandorok-tanckoncert-eloadja-a-magyar-allami-nepi-egyuttes-tanckara-es-zenekara-rendezo-koreografus-farkas-mate\/\",\"name\":\"A 15. Kolozsv\u00e1ri Magyar Napok \u00fcnnep\u00e9lyes nyit\u00f3g\u00e1l\u00e1ja. Nagyv\u00e1rosi v\u00e1ndorok \u2013 t\u00e1nckoncert. El\u0151adja a Magyar \u00c1llami N\u00e9pi Egy\u00fcttes t\u00e1nckara \u00e9s zenekara. Rendez\u0151-koreogr\u00e1fus: Farkas M\u00e1t\u00e9 - Kolozsv\u00e1ri Magyar Napok 2024\",\"isPartOf\":{\"@id\":\"https:\/\/magyarnapok.ro\/2024\/#website\"},\"datePublished\":\"2024-08-01T08:01:54+00:00\",\"dateModified\":\"2024-08-06T13:39:04+00:00\",\"breadcrumb\":{\"@id\":\"https:\/\/magyarnapok.ro\/2024\/esemenyek\/a-15-kolozsvari-magyar-napok-unnepelyes-nyitogalaja-nagyvarosi-vandorok-tanckoncert-eloadja-a-magyar-allami-nepi-egyuttes-tanckara-es-zenekara-rendezo-koreografus-farkas-mate\/#breadcrumb\"},\"inLanguage\":\"hu\",\"potentialAction\":[{\"@type\":\"ReadAction\",\"target\":[\"https:\/\/magyarnapok.ro\/2024\/esemenyek\/a-15-kolozsvari-magyar-napok-unnepelyes-nyitogalaja-nagyvarosi-vandorok-tanckoncert-eloadja-a-magyar-allami-nepi-egyuttes-tanckara-es-zenekara-rendezo-koreografus-farkas-mate\/\"]}]},{\"@type\":\"BreadcrumbList\",\"@id\":\"https:\/\/magyarnapok.ro\/2024\/esemenyek\/a-15-kolozsvari-magyar-napok-unnepelyes-nyitogalaja-nagyvarosi-vandorok-tanckoncert-eloadja-a-magyar-allami-nepi-egyuttes-tanckara-es-zenekara-rendezo-koreografus-farkas-mate\/#breadcrumb\",\"itemListElement\":[{\"@type\":\"ListItem\",\"position\":1,\"name\":\"Home\",\"item\":\"https:\/\/magyarnapok.ro\/2024\/\"},{\"@type\":\"ListItem\",\"position\":2,\"name\":\"Events\",\"item\":\"https:\/\/magyarnapok.ro\/2024\/esemenyek\/\"},{\"@type\":\"ListItem\",\"position\":3,\"name\":\"A 15. Kolozsv\u00e1ri Magyar Napok \u00fcnnep\u00e9lyes nyit\u00f3g\u00e1l\u00e1ja. Nagyv\u00e1rosi v\u00e1ndorok \u2013 t\u00e1nckoncert. El\u0151adja a Magyar \u00c1llami N\u00e9pi Egy\u00fcttes t\u00e1nckara \u00e9s zenekara. Rendez\u0151-koreogr\u00e1fus: Farkas M\u00e1t\u00e9\"}]},{\"@type\":\"WebSite\",\"@id\":\"https:\/\/magyarnapok.ro\/2024\/#website\",\"url\":\"https:\/\/magyarnapok.ro\/2024\/\",\"name\":\"Kolozsv\u00e1ri Magyar Napok 2024\",\"description\":\"A h\u00e9t meg a nyolc\u00e1t!\",\"publisher\":{\"@id\":\"https:\/\/magyarnapok.ro\/2024\/#organization\"},\"potentialAction\":[{\"@type\":\"SearchAction\",\"target\":{\"@type\":\"EntryPoint\",\"urlTemplate\":\"https:\/\/magyarnapok.ro\/2024\/?s={search_term_string}\"},\"query-input\":\"required name=search_term_string\"}],\"inLanguage\":\"hu\"},{\"@type\":\"Organization\",\"@id\":\"https:\/\/magyarnapok.ro\/2024\/#organization\",\"name\":\"Kolozsv\u00e1ri Magyar Napok\",\"url\":\"https:\/\/magyarnapok.ro\/2024\/\",\"logo\":{\"@type\":\"ImageObject\",\"inLanguage\":\"hu\",\"@id\":\"https:\/\/magyarnapok.ro\/2024\/#\/schema\/logo\/image\/\",\"url\":\"https:\/\/magyarnapok.ro\/2024\/wp-content\/uploads\/2024\/04\/kmn_15_logo.png\",\"contentUrl\":\"https:\/\/magyarnapok.ro\/2024\/wp-content\/uploads\/2024\/04\/kmn_15_logo.png\",\"width\":385,\"height\":362,\"caption\":\"Kolozsv\u00e1ri Magyar Napok\"},\"image\":{\"@id\":\"https:\/\/magyarnapok.ro\/2024\/#\/schema\/logo\/image\/\"},\"sameAs\":[\"https:\/\/www.facebook.com\/magyarnapok\",\"https:\/\/www.instagram.com\/magyarnapok\/\",\"https:\/\/www.youtube.com\/c\/KolozsvriMagyarNapok2015\"]}]}<\/script>\n<!-- \/ Yoast SEO plugin. -->","yoast_head_json":{"title":"A 15. Kolozsv\u00e1ri Magyar Napok \u00fcnnep\u00e9lyes nyit\u00f3g\u00e1l\u00e1ja. Nagyv\u00e1rosi v\u00e1ndorok \u2013 t\u00e1nckoncert. El\u0151adja a Magyar \u00c1llami N\u00e9pi Egy\u00fcttes t\u00e1nckara \u00e9s zenekara. Rendez\u0151-koreogr\u00e1fus: Farkas M\u00e1t\u00e9 - Kolozsv\u00e1ri Magyar Napok 2024","robots":{"index":"index","follow":"follow","max-snippet":"max-snippet:-1","max-image-preview":"max-image-preview:large","max-video-preview":"max-video-preview:-1"},"canonical":"https:\/\/magyarnapok.ro\/2024\/esemenyek\/a-15-kolozsvari-magyar-napok-unnepelyes-nyitogalaja-nagyvarosi-vandorok-tanckoncert-eloadja-a-magyar-allami-nepi-egyuttes-tanckara-es-zenekara-rendezo-koreografus-farkas-mate\/","og_locale":"hu_HU","og_type":"article","og_title":"A 15. Kolozsv\u00e1ri Magyar Napok \u00fcnnep\u00e9lyes nyit\u00f3g\u00e1l\u00e1ja. Nagyv\u00e1rosi v\u00e1ndorok \u2013 t\u00e1nckoncert. El\u0151adja a Magyar \u00c1llami N\u00e9pi Egy\u00fcttes t\u00e1nckara \u00e9s zenekara. Rendez\u0151-koreogr\u00e1fus: Farkas M\u00e1t\u00e9 - Kolozsv\u00e1ri Magyar Napok 2024","og_description":"\u00dcnnep\u00e9lyes nyit\u00f3g\u00e1la: zen\u00e9s-t\u00e1ncos utaz\u00e1s m\u00falt \u00e9s jelen k\u00f6z\u00f6tt \u00a0 A hagyom\u00e1nyoknak megfelel\u0151en a Kolozsv\u00e1ri Magyar Napok \u00fcnnep\u00e9lyes nyit\u00f3g\u00e1l\u00e1j\u00e1nak helysz\u00edn\u00e9\u00fcl ism\u00e9telten a Kolozsv\u00e1ri Magyar Opera nagyterme szolg\u00e1l. Id\u00e9n a Nagyv\u00e1rosi v\u00e1ndorok c\u00edm\u0171 nagy\u00edv\u0171 t\u00e1nckoncertet l\u00e1thatja vend\u00e9g\u00fcl Kolozsv\u00e1r \u00fcnnepl\u0151 k\u00f6z\u00f6ns\u00e9ge. A Magyar \u00c1llami N\u00e9pi Egy\u00fcttes t\u00e1nckara \u00e9s zenekara \u00e1ltal sz\u00ednpadra vitt produkci\u00f3 egy olyan sz\u00ednh\u00e1zi \u00e9lm\u00e9nyt ny\u00fajt\u00f3 [&hellip;]","og_url":"https:\/\/magyarnapok.ro\/2024\/esemenyek\/a-15-kolozsvari-magyar-napok-unnepelyes-nyitogalaja-nagyvarosi-vandorok-tanckoncert-eloadja-a-magyar-allami-nepi-egyuttes-tanckara-es-zenekara-rendezo-koreografus-farkas-mate\/","og_site_name":"Kolozsv\u00e1ri Magyar Napok 2024","article_publisher":"https:\/\/www.facebook.com\/magyarnapok","article_modified_time":"2024-08-06T13:39:04+00:00","og_image":[{"width":1920,"height":1080,"url":"https:\/\/magyarnapok.ro\/2024\/wp-content\/uploads\/2024\/06\/KMN2024-www-intro-hu-01.jpg","type":"image\/jpeg"}],"twitter_card":"summary_large_image","twitter_misc":{"Becs\u00fclt olvas\u00e1si id\u0151":"3 perc"},"schema":{"@context":"https:\/\/schema.org","@graph":[{"@type":"WebPage","@id":"https:\/\/magyarnapok.ro\/2024\/esemenyek\/a-15-kolozsvari-magyar-napok-unnepelyes-nyitogalaja-nagyvarosi-vandorok-tanckoncert-eloadja-a-magyar-allami-nepi-egyuttes-tanckara-es-zenekara-rendezo-koreografus-farkas-mate\/","url":"https:\/\/magyarnapok.ro\/2024\/esemenyek\/a-15-kolozsvari-magyar-napok-unnepelyes-nyitogalaja-nagyvarosi-vandorok-tanckoncert-eloadja-a-magyar-allami-nepi-egyuttes-tanckara-es-zenekara-rendezo-koreografus-farkas-mate\/","name":"A 15. Kolozsv\u00e1ri Magyar Napok \u00fcnnep\u00e9lyes nyit\u00f3g\u00e1l\u00e1ja. Nagyv\u00e1rosi v\u00e1ndorok \u2013 t\u00e1nckoncert. El\u0151adja a Magyar \u00c1llami N\u00e9pi Egy\u00fcttes t\u00e1nckara \u00e9s zenekara. Rendez\u0151-koreogr\u00e1fus: Farkas M\u00e1t\u00e9 - Kolozsv\u00e1ri Magyar Napok 2024","isPartOf":{"@id":"https:\/\/magyarnapok.ro\/2024\/#website"},"datePublished":"2024-08-01T08:01:54+00:00","dateModified":"2024-08-06T13:39:04+00:00","breadcrumb":{"@id":"https:\/\/magyarnapok.ro\/2024\/esemenyek\/a-15-kolozsvari-magyar-napok-unnepelyes-nyitogalaja-nagyvarosi-vandorok-tanckoncert-eloadja-a-magyar-allami-nepi-egyuttes-tanckara-es-zenekara-rendezo-koreografus-farkas-mate\/#breadcrumb"},"inLanguage":"hu","potentialAction":[{"@type":"ReadAction","target":["https:\/\/magyarnapok.ro\/2024\/esemenyek\/a-15-kolozsvari-magyar-napok-unnepelyes-nyitogalaja-nagyvarosi-vandorok-tanckoncert-eloadja-a-magyar-allami-nepi-egyuttes-tanckara-es-zenekara-rendezo-koreografus-farkas-mate\/"]}]},{"@type":"BreadcrumbList","@id":"https:\/\/magyarnapok.ro\/2024\/esemenyek\/a-15-kolozsvari-magyar-napok-unnepelyes-nyitogalaja-nagyvarosi-vandorok-tanckoncert-eloadja-a-magyar-allami-nepi-egyuttes-tanckara-es-zenekara-rendezo-koreografus-farkas-mate\/#breadcrumb","itemListElement":[{"@type":"ListItem","position":1,"name":"Home","item":"https:\/\/magyarnapok.ro\/2024\/"},{"@type":"ListItem","position":2,"name":"Events","item":"https:\/\/magyarnapok.ro\/2024\/esemenyek\/"},{"@type":"ListItem","position":3,"name":"A 15. Kolozsv\u00e1ri Magyar Napok \u00fcnnep\u00e9lyes nyit\u00f3g\u00e1l\u00e1ja. Nagyv\u00e1rosi v\u00e1ndorok \u2013 t\u00e1nckoncert. El\u0151adja a Magyar \u00c1llami N\u00e9pi Egy\u00fcttes t\u00e1nckara \u00e9s zenekara. Rendez\u0151-koreogr\u00e1fus: Farkas M\u00e1t\u00e9"}]},{"@type":"WebSite","@id":"https:\/\/magyarnapok.ro\/2024\/#website","url":"https:\/\/magyarnapok.ro\/2024\/","name":"Kolozsv\u00e1ri Magyar Napok 2024","description":"A h\u00e9t meg a nyolc\u00e1t!","publisher":{"@id":"https:\/\/magyarnapok.ro\/2024\/#organization"},"potentialAction":[{"@type":"SearchAction","target":{"@type":"EntryPoint","urlTemplate":"https:\/\/magyarnapok.ro\/2024\/?s={search_term_string}"},"query-input":"required name=search_term_string"}],"inLanguage":"hu"},{"@type":"Organization","@id":"https:\/\/magyarnapok.ro\/2024\/#organization","name":"Kolozsv\u00e1ri Magyar Napok","url":"https:\/\/magyarnapok.ro\/2024\/","logo":{"@type":"ImageObject","inLanguage":"hu","@id":"https:\/\/magyarnapok.ro\/2024\/#\/schema\/logo\/image\/","url":"https:\/\/magyarnapok.ro\/2024\/wp-content\/uploads\/2024\/04\/kmn_15_logo.png","contentUrl":"https:\/\/magyarnapok.ro\/2024\/wp-content\/uploads\/2024\/04\/kmn_15_logo.png","width":385,"height":362,"caption":"Kolozsv\u00e1ri Magyar Napok"},"image":{"@id":"https:\/\/magyarnapok.ro\/2024\/#\/schema\/logo\/image\/"},"sameAs":["https:\/\/www.facebook.com\/magyarnapok","https:\/\/www.instagram.com\/magyarnapok\/","https:\/\/www.youtube.com\/c\/KolozsvriMagyarNapok2015"]}]}},"_links":{"self":[{"href":"https:\/\/magyarnapok.ro\/2024\/wp-json\/wp\/v2\/kmn_event\/2189","targetHints":{"allow":["GET"]}}],"collection":[{"href":"https:\/\/magyarnapok.ro\/2024\/wp-json\/wp\/v2\/kmn_event"}],"about":[{"href":"https:\/\/magyarnapok.ro\/2024\/wp-json\/wp\/v2\/types\/kmn_event"}],"wp:attachment":[{"href":"https:\/\/magyarnapok.ro\/2024\/wp-json\/wp\/v2\/media?parent=2189"}],"curies":[{"name":"wp","href":"https:\/\/api.w.org\/{rel}","templated":true}]}}