{"id":5611,"date":"2024-07-17T01:07:43","date_gmt":"2024-07-16T22:07:43","guid":{"rendered":"https:\/\/magyarnapok.ro\/2024\/?page_id=1398"},"modified":"2025-05-26T10:50:20","modified_gmt":"2025-05-26T07:50:20","slug":"a-rendezvenyrol","status":"publish","type":"page","link":"https:\/\/magyarnapok.ro\/2025\/a-rendezvenyrol\/","title":{"rendered":"A rendezv\u00e9nyr\u0151l"},"content":{"rendered":"\n<h1 class=\"wp-block-heading has-x-large-font-size\" style=\"font-style:normal;font-weight:700\"><\/h1>\n\n\n\n<p class=\"has-medium-font-size\">A Kincses Kolozsv\u00e1r Egyes\u00fclet \u00e1ltal \u00e9letre h\u00edvott Kolozsv\u00e1ri Magyar Napok id\u00e9n tizenhatodik kiad\u00e1s\u00e1hoz \u00e9rkezett. Rendezv\u00e9nysorozatunk m\u00e1ra a K\u00e1rp\u00e1t-medence egyik legmeghat\u00e1roz\u00f3bb kultur\u00e1lis programsorozata, melynek keret\u00e9ben \u2013 partnerszervezeteinknek \u00e9s t\u00e1mogat\u00f3inknak k\u00f6sz\u00f6nhet\u0151en \u2013 \u00e9vr\u0151l-\u00e9vre alkalmunk ny\u00edlik a nagyk\u00f6z\u00f6ns\u00e9g el\u00e9 t\u00e1rni mindazon kultur\u00e1lis kincseinket, melyek bizony\u00edtj\u00e1k: erd\u00e9lyi magyars\u00e1gunk \u00e9leter\u0151s, \u00e9rt\u00e9kment\u0151 \u00e9s \u00e9rt\u00e9kteremt\u0151 k\u00f6z\u00f6ss\u00e9ge a K\u00e1rp\u00e1t-medenc\u00e9nek.\u00a0<\/p>\n\n\n\n<p class=\"has-medium-font-size\">Az id\u00e9n augusztus 17-24. k\u00f6z\u00f6tt jelentkez\u0151 Kolozsv\u00e1ri Magyar Napok szervez\u0151ik\u00e9nt ism\u00e9telten arra v\u00e1llalkozunk, hogy tal\u00e1lkoz\u00e1si pontt\u00e1 \u00e9s meghat\u00e1roz\u00f3 ny\u00e1ri \u00fcnnepp\u00e9 tegy\u00fck programkavalk\u00e1dunkat, melynek k\u00edn\u00e1lat\u00e1ban minden \u00e9rdekl\u0151d\u0151 megtal\u00e1lhatja a sz\u00e1m\u00e1ra legink\u00e1bb \u00e9rdekfesz\u00edt\u0151 kultur\u00e1lis esem\u00e9nyeket. B\u00edzunk benne, hogy az idei Magyar Napok is a magyar szellemi \u00e9s \u00e9p\u00edtett \u00f6r\u00f6ks\u00e9g sz\u00e9les k\u00f6r\u0171 bemutat\u00e1s\u00e1val, t\u00f6bb tucat fesztiv\u00e1lhelysz\u00ednen \u00e9s t\u00f6bbsz\u00e1z program keret\u00e9ben val\u00f3di k\u00f6z\u00f6ss\u00e9gi \u00e9lm\u00e9nny\u00e9 v\u00e1lik!<\/p>\n","protected":false},"excerpt":{"rendered":"<p>A Kincses Kolozsv\u00e1r Egyes\u00fclet \u00e1ltal \u00e9letre h\u00edvott Kolozsv\u00e1ri Magyar Napok id\u00e9n tizenhatodik kiad\u00e1s\u00e1hoz \u00e9rkezett. Rendezv\u00e9nysorozatunk m\u00e1ra a K\u00e1rp\u00e1t-medence egyik legmeghat\u00e1roz\u00f3bb kultur\u00e1lis programsorozata, melynek keret\u00e9ben \u2013 partnerszervezeteinknek \u00e9s t\u00e1mogat\u00f3inknak k\u00f6sz\u00f6nhet\u0151en \u2013 \u00e9vr\u0151l-\u00e9vre alkalmunk ny\u00edlik a nagyk\u00f6z\u00f6ns\u00e9g el\u00e9 t\u00e1rni mindazon kultur\u00e1lis kincseinket, melyek bizony\u00edtj\u00e1k: erd\u00e9lyi magyars\u00e1gunk \u00e9leter\u0151s, \u00e9rt\u00e9kment\u0151 \u00e9s \u00e9rt\u00e9kteremt\u0151 k\u00f6z\u00f6ss\u00e9ge a K\u00e1rp\u00e1t-medenc\u00e9nek.\u00a0 Az id\u00e9n augusztus 17-24. [&hellip;]<\/p>\n","protected":false},"author":1,"featured_media":0,"parent":0,"menu_order":0,"comment_status":"closed","ping_status":"closed","template":"","meta":{"_acf_changed":false,"footnotes":""},"class_list":["post-5611","page","type-page","status-publish","hentry"],"acf":[],"yoast_head":"<!-- This site is optimized with the Yoast SEO plugin v25.5 - https:\/\/yoast.com\/wordpress\/plugins\/seo\/ -->\n<title>A rendezv\u00e9nyr\u0151l - Kolozsv\u00e1ri Magyar Napok 2025<\/title>\n<meta name=\"robots\" content=\"index, follow, max-snippet:-1, max-image-preview:large, max-video-preview:-1\" \/>\n<link rel=\"canonical\" href=\"https:\/\/magyarnapok.ro\/2025\/a-rendezvenyrol\/\" \/>\n<meta property=\"og:locale\" content=\"hu_HU\" \/>\n<meta property=\"og:type\" content=\"article\" \/>\n<meta property=\"og:title\" content=\"A rendezv\u00e9nyr\u0151l - Kolozsv\u00e1ri Magyar Napok 2025\" \/>\n<meta property=\"og:description\" content=\"A Kincses Kolozsv\u00e1r Egyes\u00fclet \u00e1ltal \u00e9letre h\u00edvott Kolozsv\u00e1ri Magyar Napok id\u00e9n tizenhatodik kiad\u00e1s\u00e1hoz \u00e9rkezett. Rendezv\u00e9nysorozatunk m\u00e1ra a K\u00e1rp\u00e1t-medence egyik legmeghat\u00e1roz\u00f3bb kultur\u00e1lis programsorozata, melynek keret\u00e9ben \u2013 partnerszervezeteinknek \u00e9s t\u00e1mogat\u00f3inknak k\u00f6sz\u00f6nhet\u0151en \u2013 \u00e9vr\u0151l-\u00e9vre alkalmunk ny\u00edlik a nagyk\u00f6z\u00f6ns\u00e9g el\u00e9 t\u00e1rni mindazon kultur\u00e1lis kincseinket, melyek bizony\u00edtj\u00e1k: erd\u00e9lyi magyars\u00e1gunk \u00e9leter\u0151s, \u00e9rt\u00e9kment\u0151 \u00e9s \u00e9rt\u00e9kteremt\u0151 k\u00f6z\u00f6ss\u00e9ge a K\u00e1rp\u00e1t-medenc\u00e9nek.\u00a0 Az id\u00e9n augusztus 17-24. [&hellip;]\" \/>\n<meta property=\"og:url\" content=\"https:\/\/magyarnapok.ro\/2025\/a-rendezvenyrol\/\" \/>\n<meta property=\"og:site_name\" content=\"Kolozsv\u00e1ri Magyar Napok 2025\" \/>\n<meta property=\"article:publisher\" content=\"https:\/\/www.facebook.com\/magyarnapok\" \/>\n<meta property=\"article:modified_time\" content=\"2025-05-26T07:50:20+00:00\" \/>\n<meta property=\"og:image\" content=\"https:\/\/magyarnapok.ro\/2025\/wp-content\/uploads\/2025\/05\/485694376_1062361985926068_5090177832635925361_n.png\" \/>\n\t<meta property=\"og:image:width\" content=\"1980\" \/>\n\t<meta property=\"og:image:height\" content=\"1080\" \/>\n\t<meta property=\"og:image:type\" content=\"image\/png\" \/>\n<meta name=\"twitter:card\" content=\"summary_large_image\" \/>\n<meta name=\"twitter:label1\" content=\"Becs\u00fclt olvas\u00e1si id\u0151\" \/>\n\t<meta name=\"twitter:data1\" content=\"1 perc\" \/>\n<script type=\"application\/ld+json\" class=\"yoast-schema-graph\">{\"@context\":\"https:\/\/schema.org\",\"@graph\":[{\"@type\":\"WebPage\",\"@id\":\"https:\/\/magyarnapok.ro\/2025\/a-rendezvenyrol\/\",\"url\":\"https:\/\/magyarnapok.ro\/2025\/a-rendezvenyrol\/\",\"name\":\"A rendezv\u00e9nyr\u0151l - Kolozsv\u00e1ri Magyar Napok 2025\",\"isPartOf\":{\"@id\":\"https:\/\/magyarnapok.ro\/2025\/#website\"},\"datePublished\":\"2024-07-16T22:07:43+00:00\",\"dateModified\":\"2025-05-26T07:50:20+00:00\",\"breadcrumb\":{\"@id\":\"https:\/\/magyarnapok.ro\/2025\/a-rendezvenyrol\/#breadcrumb\"},\"inLanguage\":\"hu\",\"potentialAction\":[{\"@type\":\"ReadAction\",\"target\":[\"https:\/\/magyarnapok.ro\/2025\/a-rendezvenyrol\/\"]}]},{\"@type\":\"BreadcrumbList\",\"@id\":\"https:\/\/magyarnapok.ro\/2025\/a-rendezvenyrol\/#breadcrumb\",\"itemListElement\":[{\"@type\":\"ListItem\",\"position\":1,\"name\":\"Kezd\u0151lap\",\"item\":\"https:\/\/magyarnapok.ro\/2025\/\"},{\"@type\":\"ListItem\",\"position\":2,\"name\":\"A rendezv\u00e9nyr\u0151l\"}]},{\"@type\":\"WebSite\",\"@id\":\"https:\/\/magyarnapok.ro\/2025\/#website\",\"url\":\"https:\/\/magyarnapok.ro\/2025\/\",\"name\":\"Kolozsv\u00e1ri Magyar Napok 2025\",\"description\":\"Helyben vagyunk!\",\"publisher\":{\"@id\":\"https:\/\/magyarnapok.ro\/2025\/#organization\"},\"potentialAction\":[{\"@type\":\"SearchAction\",\"target\":{\"@type\":\"EntryPoint\",\"urlTemplate\":\"https:\/\/magyarnapok.ro\/2025\/?s={search_term_string}\"},\"query-input\":{\"@type\":\"PropertyValueSpecification\",\"valueRequired\":true,\"valueName\":\"search_term_string\"}}],\"inLanguage\":\"hu\"},{\"@type\":\"Organization\",\"@id\":\"https:\/\/magyarnapok.ro\/2025\/#organization\",\"name\":\"Kolozsv\u00e1ri Magyar Napok 2025\",\"url\":\"https:\/\/magyarnapok.ro\/2025\/\",\"logo\":{\"@type\":\"ImageObject\",\"inLanguage\":\"hu\",\"@id\":\"https:\/\/magyarnapok.ro\/2025\/#\/schema\/logo\/image\/\",\"url\":\"https:\/\/magyarnapok.ro\/2025\/wp-content\/uploads\/2024\/03\/KMN2023-www-logo-01.png\",\"contentUrl\":\"https:\/\/magyarnapok.ro\/2025\/wp-content\/uploads\/2024\/03\/KMN2023-www-logo-01.png\",\"width\":762,\"height\":589,\"caption\":\"Kolozsv\u00e1ri Magyar Napok 2025\"},\"image\":{\"@id\":\"https:\/\/magyarnapok.ro\/2025\/#\/schema\/logo\/image\/\"},\"sameAs\":[\"https:\/\/www.facebook.com\/magyarnapok\",\"https:\/\/www.instagram.com\/magyarnapok\/\",\"https:\/\/www.youtube.com\/c\/KolozsvriMagyarNapok2015\",\"https:\/\/www.tiktok.com\/@kmn_kolozsvar\"]}]}<\/script>\n<!-- \/ Yoast SEO plugin. -->","yoast_head_json":{"title":"A rendezv\u00e9nyr\u0151l - Kolozsv\u00e1ri Magyar Napok 2025","robots":{"index":"index","follow":"follow","max-snippet":"max-snippet:-1","max-image-preview":"max-image-preview:large","max-video-preview":"max-video-preview:-1"},"canonical":"https:\/\/magyarnapok.ro\/2025\/a-rendezvenyrol\/","og_locale":"hu_HU","og_type":"article","og_title":"A rendezv\u00e9nyr\u0151l - Kolozsv\u00e1ri Magyar Napok 2025","og_description":"A Kincses Kolozsv\u00e1r Egyes\u00fclet \u00e1ltal \u00e9letre h\u00edvott Kolozsv\u00e1ri Magyar Napok id\u00e9n tizenhatodik kiad\u00e1s\u00e1hoz \u00e9rkezett. Rendezv\u00e9nysorozatunk m\u00e1ra a K\u00e1rp\u00e1t-medence egyik legmeghat\u00e1roz\u00f3bb kultur\u00e1lis programsorozata, melynek keret\u00e9ben \u2013 partnerszervezeteinknek \u00e9s t\u00e1mogat\u00f3inknak k\u00f6sz\u00f6nhet\u0151en \u2013 \u00e9vr\u0151l-\u00e9vre alkalmunk ny\u00edlik a nagyk\u00f6z\u00f6ns\u00e9g el\u00e9 t\u00e1rni mindazon kultur\u00e1lis kincseinket, melyek bizony\u00edtj\u00e1k: erd\u00e9lyi magyars\u00e1gunk \u00e9leter\u0151s, \u00e9rt\u00e9kment\u0151 \u00e9s \u00e9rt\u00e9kteremt\u0151 k\u00f6z\u00f6ss\u00e9ge a K\u00e1rp\u00e1t-medenc\u00e9nek.\u00a0 Az id\u00e9n augusztus 17-24. [&hellip;]","og_url":"https:\/\/magyarnapok.ro\/2025\/a-rendezvenyrol\/","og_site_name":"Kolozsv\u00e1ri Magyar Napok 2025","article_publisher":"https:\/\/www.facebook.com\/magyarnapok","article_modified_time":"2025-05-26T07:50:20+00:00","og_image":[{"width":1980,"height":1080,"url":"https:\/\/magyarnapok.ro\/2025\/wp-content\/uploads\/2025\/05\/485694376_1062361985926068_5090177832635925361_n.png","type":"image\/png"}],"twitter_card":"summary_large_image","twitter_misc":{"Becs\u00fclt olvas\u00e1si id\u0151":"1 perc"},"schema":{"@context":"https:\/\/schema.org","@graph":[{"@type":"WebPage","@id":"https:\/\/magyarnapok.ro\/2025\/a-rendezvenyrol\/","url":"https:\/\/magyarnapok.ro\/2025\/a-rendezvenyrol\/","name":"A rendezv\u00e9nyr\u0151l - Kolozsv\u00e1ri Magyar Napok 2025","isPartOf":{"@id":"https:\/\/magyarnapok.ro\/2025\/#website"},"datePublished":"2024-07-16T22:07:43+00:00","dateModified":"2025-05-26T07:50:20+00:00","breadcrumb":{"@id":"https:\/\/magyarnapok.ro\/2025\/a-rendezvenyrol\/#breadcrumb"},"inLanguage":"hu","potentialAction":[{"@type":"ReadAction","target":["https:\/\/magyarnapok.ro\/2025\/a-rendezvenyrol\/"]}]},{"@type":"BreadcrumbList","@id":"https:\/\/magyarnapok.ro\/2025\/a-rendezvenyrol\/#breadcrumb","itemListElement":[{"@type":"ListItem","position":1,"name":"Kezd\u0151lap","item":"https:\/\/magyarnapok.ro\/2025\/"},{"@type":"ListItem","position":2,"name":"A rendezv\u00e9nyr\u0151l"}]},{"@type":"WebSite","@id":"https:\/\/magyarnapok.ro\/2025\/#website","url":"https:\/\/magyarnapok.ro\/2025\/","name":"Kolozsv\u00e1ri Magyar Napok 2025","description":"Helyben vagyunk!","publisher":{"@id":"https:\/\/magyarnapok.ro\/2025\/#organization"},"potentialAction":[{"@type":"SearchAction","target":{"@type":"EntryPoint","urlTemplate":"https:\/\/magyarnapok.ro\/2025\/?s={search_term_string}"},"query-input":{"@type":"PropertyValueSpecification","valueRequired":true,"valueName":"search_term_string"}}],"inLanguage":"hu"},{"@type":"Organization","@id":"https:\/\/magyarnapok.ro\/2025\/#organization","name":"Kolozsv\u00e1ri Magyar Napok 2025","url":"https:\/\/magyarnapok.ro\/2025\/","logo":{"@type":"ImageObject","inLanguage":"hu","@id":"https:\/\/magyarnapok.ro\/2025\/#\/schema\/logo\/image\/","url":"https:\/\/magyarnapok.ro\/2025\/wp-content\/uploads\/2024\/03\/KMN2023-www-logo-01.png","contentUrl":"https:\/\/magyarnapok.ro\/2025\/wp-content\/uploads\/2024\/03\/KMN2023-www-logo-01.png","width":762,"height":589,"caption":"Kolozsv\u00e1ri Magyar Napok 2025"},"image":{"@id":"https:\/\/magyarnapok.ro\/2025\/#\/schema\/logo\/image\/"},"sameAs":["https:\/\/www.facebook.com\/magyarnapok","https:\/\/www.instagram.com\/magyarnapok\/","https:\/\/www.youtube.com\/c\/KolozsvriMagyarNapok2015","https:\/\/www.tiktok.com\/@kmn_kolozsvar"]}]}},"lang":"hu","translations":{"hu":5611,"ro":5657},"pll_sync_post":[],"_links":{"self":[{"href":"https:\/\/magyarnapok.ro\/2025\/wp-json\/wp\/v2\/pages\/5611","targetHints":{"allow":["GET"]}}],"collection":[{"href":"https:\/\/magyarnapok.ro\/2025\/wp-json\/wp\/v2\/pages"}],"about":[{"href":"https:\/\/magyarnapok.ro\/2025\/wp-json\/wp\/v2\/types\/page"}],"author":[{"embeddable":true,"href":"https:\/\/magyarnapok.ro\/2025\/wp-json\/wp\/v2\/users\/1"}],"replies":[{"embeddable":true,"href":"https:\/\/magyarnapok.ro\/2025\/wp-json\/wp\/v2\/comments?post=5611"}],"version-history":[{"count":1,"href":"https:\/\/magyarnapok.ro\/2025\/wp-json\/wp\/v2\/pages\/5611\/revisions"}],"predecessor-version":[{"id":5623,"href":"https:\/\/magyarnapok.ro\/2025\/wp-json\/wp\/v2\/pages\/5611\/revisions\/5623"}],"wp:attachment":[{"href":"https:\/\/magyarnapok.ro\/2025\/wp-json\/wp\/v2\/media?parent=5611"}],"curies":[{"name":"wp","href":"https:\/\/api.w.org\/{rel}","templated":true}]}}